{"id":4633,"date":"2025-11-07T22:58:04","date_gmt":"2025-11-07T21:58:04","guid":{"rendered":"https:\/\/vannabed.com\/?post_type=product&#038;p=4633"},"modified":"2026-04-14T17:17:13","modified_gmt":"2026-04-14T15:17:13","slug":"auto-matrace-toyota-proace-verso-peugeot-traveller-opel-zafira-citroen-spacetourer","status":"publish","type":"product","link":"https:\/\/vannabed.com\/cs\/produkt\/auto-matrace-toyota-proace-verso-peugeot-traveller-opel-zafira-citroen-spacetourer\/","title":{"rendered":"Matrace do auta Toyota Proace Verso\/ Peugeot Traveller \/Opel Zafira \/Citroen Spacetourer"},"content":{"rendered":"<p><strong data-start=\"307\" data-end=\"353\">Skl\u00e1dac\u00ed matrace VANNABED 140 \u00d7 200 \u00d7 8 cm<\/strong>\u00a0je ide\u00e1ln\u00edm \u0159e\u0161en\u00edm pro ty, kte\u0159\u00ed cht\u011bj\u00ed na cest\u00e1ch sp\u00e1t pohodln\u011b jako doma. Matrace je um\u00edst\u011bna v interi\u00e9ru vozidla a ve spolupr\u00e1ci s r\u00e1mem VANNABED vytv\u00e1\u0159\u00ed pohodln\u00e9 l\u016f\u017eko pln\u00e9 velikosti pro dv\u011b dosp\u011bl\u00e9 osoby.<\/p>\n<div class=\"elementor-element elementor-element-a79bb2e e-con-full e-flex e-con e-child\" data-particle_enable=\"false\" data-particle-mobile-disabled=\"false\" data-id=\"a79bb2e\" data-element_type=\"container\">\n<div class=\"elementor-element elementor-element-9991967 animated-slow elementor-widget elementor-widget-text-editor\" data-id=\"9991967\" data-element_type=\"widget\" data-settings=\"{&quot;_animation&quot;:&quot;none&quot;}\" data-widget_type=\"text-editor.default\">\n<div class=\"elementor-widget-container\">\n<p>Jedn\u00e1 se o osv\u011bd\u010den\u00fd materi\u00e1l, kter\u00fd je pohodln\u00fd a odoln\u00fd. Matrace je st\u0159edn\u011b tvrd\u00e1 - poskytuje dobrou oporu, nepropad\u00e1 se a z\u00e1rove\u0148 poskytuje tu spr\u00e1vnou m\u011bkkost pro klidn\u00fd odpo\u010dinek po aktivn\u00edm dni.<\/p>\n<p>Kryt kombinuje estetiku s prakti\u010dnost\u00ed. Materi\u00e1l nejen skv\u011ble vypad\u00e1, ale je tak\u00e9 odoln\u00fd proti od\u011bru. Je ide\u00e1ln\u00ed pro kempov\u00e1n\u00ed - i v p\u0159\u00edtomnosti d\u011bt\u00ed nebo dom\u00e1c\u00edch zv\u00ed\u0159at.<\/p>\n<p><strong data-start=\"462\" data-end=\"521\">Skl\u00e1dac\u00ed matrace VANNABED 140 \u00d7 190 \u00d7 8 cm s v\u00fd\u0159ezy<\/strong>\u00a0byl speci\u00e1ln\u011b navr\u017een pro vozy Toyota Proace Verso, Peugeot Traveller, Citroen Spacetourer a Opel Zafira Life.<br \/>\nD\u00edky p\u0159esn\u00fdm v\u00fd\u0159ez\u016fm dokonale zapad\u00e1 do interi\u00e9ru vozu a zaru\u010duje pohodl\u00ed a funk\u010dnost.<\/p>\n<p data-pm-slice=\"0 0 []\"><strong>Pohodl\u00ed a kvalita<\/strong><\/p>\n<p>Matrace se skl\u00e1d\u00e1 ze t\u0159\u00ed \u010d\u00e1st\u00ed, tak\u017ee ji lze snadno slo\u017eit, uskladnit a p\u0159izp\u016fsobit r\u016fzn\u00fdm konfigurac\u00edm interi\u00e9ru. Je vyrobena z vysoce kvalitn\u00ed p\u011bny a poskytuje dostate\u010dnou oporu t\u011bla a pohodln\u00fd sp\u00e1nek bez ohledu na podm\u00ednky. Perfektn\u011b se kombinuje s r\u00e1mem VANNABED pro Toyotu Proace Verso. J\u00e1dro matrace tvo\u0159\u00ed hust\u00e1 polyuretanov\u00e1 p\u011bna, kter\u00e1 poskytuje optim\u00e1ln\u00ed oporu p\u00e1te\u0159i a tepeln\u00fd komfort v jak\u00e9koli poloze.<\/p>\n<\/div>\n<\/div>\n<\/div>","protected":false},"excerpt":{"rendered":"<p data-start=\"118\" data-end=\"206\">Matrace do auta a lehk\u00e1 postel s r\u00e1mem. Prom\u011b\u0148te sv\u016fj mikrobus nebo dod\u00e1vku v pohodlnou lo\u017enici: rychl\u00e1 mont\u00e1\u017e, vhodn\u00e9 pro obl\u00edben\u00e9 modely, komfortn\u00ed sp\u00e1nek a mobilita.<br \/>\nMatrace do auta Toyota Proace Verso\/ Peugeot Traveller \/Opel Zafira \/Citroen Spacetourer<\/p>","protected":false},"featured_media":2998,"comment_status":"open","ping_status":"closed","template":"","meta":{"_acf_changed":false},"product_brand":[],"product_cat":[75,27,74,76,70],"product_tag":[],"class_list":{"0":"post-4633","1":"product","2":"type-product","3":"status-publish","4":"has-post-thumbnail","6":"product_cat-citroen","7":"product_cat-materace","8":"product_cat-opel","9":"product_cat-peugeot","10":"product_cat-toyota","11":"product_shipping_class-lekkie-duze","13":"first","14":"instock","15":"shipping-taxable","16":"purchasable","17":"product-type-simple"},"acf":[],"yoast_head":"<!-- This site is optimized with the Yoast SEO plugin v27.4 - https:\/\/yoast.com\/product\/yoast-seo-wordpress\/ -->\n<title>Materac do samochodu Toyota Proace Verso<\/title>\n<meta name=\"description\" content=\"Materac do samochodu Toyota Proace Verso\/ Peugeot Traveller \/Opel Zafira \/Citroen Spacetourer. \u0142\u00f3\u017cko do auta, kapmper box\" \/>\n<meta name=\"robots\" content=\"index, follow, max-snippet:-1, max-image-preview:large, max-video-preview:-1\" \/>\n<link rel=\"canonical\" href=\"https:\/\/vannabed.com\/cs\/produkt\/auto-matrace-toyota-proace-verso-peugeot-traveller-opel-zafira-citroen-spacetourer\/?wmc-currency=EUR\" \/>\n<meta property=\"og:locale\" content=\"cs_CZ\" \/>\n<meta property=\"og:type\" content=\"article\" \/>\n<meta property=\"og:title\" content=\"Materac do samochodu Toyota Proace Verso\" \/>\n<meta property=\"og:description\" content=\"Materac do samochodu Toyota Proace Verso\/ Peugeot Traveller \/Opel Zafira \/Citroen Spacetourer. \u0142\u00f3\u017cko do auta, kapmper box\" \/>\n<meta property=\"og:url\" content=\"https:\/\/vannabed.com\/cs\/produkt\/auto-matrace-toyota-proace-verso-peugeot-traveller-opel-zafira-citroen-spacetourer\/?wmc-currency=EUR\" \/>\n<meta property=\"og:site_name\" content=\"Vannabed\" \/>\n<meta property=\"article:modified_time\" content=\"2026-04-14T15:17:13+00:00\" \/>\n<meta property=\"og:image\" content=\"https:\/\/vannabed.com\/wp-content\/uploads\/2025\/10\/materac-ToyotaProAce-Verso.png\" \/>\n\t<meta property=\"og:image:width\" content=\"1200\" \/>\n\t<meta property=\"og:image:height\" content=\"1198\" \/>\n\t<meta property=\"og:image:type\" content=\"image\/png\" \/>\n<meta name=\"twitter:card\" content=\"summary_large_image\" \/>\n<meta name=\"twitter:label1\" content=\"Odhadovan\u00e1 doba \u010dten\u00ed\" \/>\n\t<meta name=\"twitter:data1\" content=\"2 minuty\" \/>\n<script type=\"application\/ld+json\" class=\"yoast-schema-graph\">{\"@context\":\"https:\\\/\\\/schema.org\",\"@graph\":[{\"@type\":\"WebPage\",\"@id\":\"https:\\\/\\\/vannabed.com\\\/produkt\\\/materac-do-samochodu-toyota-proace-verso-peugeot-traveller-opel-zafira-citroen-spacetourer\\\/\",\"url\":\"https:\\\/\\\/vannabed.com\\\/produkt\\\/materac-do-samochodu-toyota-proace-verso-peugeot-traveller-opel-zafira-citroen-spacetourer\\\/\",\"name\":\"Materac do samochodu Toyota Proace Verso\",\"isPartOf\":{\"@id\":\"https:\\\/\\\/vannabed.com\\\/#website\"},\"primaryImageOfPage\":{\"@id\":\"https:\\\/\\\/vannabed.com\\\/produkt\\\/materac-do-samochodu-toyota-proace-verso-peugeot-traveller-opel-zafira-citroen-spacetourer\\\/#primaryimage\"},\"image\":{\"@id\":\"https:\\\/\\\/vannabed.com\\\/produkt\\\/materac-do-samochodu-toyota-proace-verso-peugeot-traveller-opel-zafira-citroen-spacetourer\\\/#primaryimage\"},\"thumbnailUrl\":\"https:\\\/\\\/vannabed.com\\\/wp-content\\\/uploads\\\/2025\\\/10\\\/materac-ToyotaProAce-Verso.png\",\"datePublished\":\"2025-11-07T21:58:04+00:00\",\"dateModified\":\"2026-04-14T15:17:13+00:00\",\"description\":\"Materac do samochodu Toyota Proace Verso\\\/ Peugeot Traveller \\\/Opel Zafira \\\/Citroen Spacetourer. \u0142\u00f3\u017cko do auta, kapmper box\",\"breadcrumb\":{\"@id\":\"https:\\\/\\\/vannabed.com\\\/produkt\\\/materac-do-samochodu-toyota-proace-verso-peugeot-traveller-opel-zafira-citroen-spacetourer\\\/#breadcrumb\"},\"inLanguage\":\"cs\",\"potentialAction\":[{\"@type\":\"ReadAction\",\"target\":[\"https:\\\/\\\/vannabed.com\\\/produkt\\\/materac-do-samochodu-toyota-proace-verso-peugeot-traveller-opel-zafira-citroen-spacetourer\\\/\"]}]},{\"@type\":\"ImageObject\",\"inLanguage\":\"cs\",\"@id\":\"https:\\\/\\\/vannabed.com\\\/produkt\\\/materac-do-samochodu-toyota-proace-verso-peugeot-traveller-opel-zafira-citroen-spacetourer\\\/#primaryimage\",\"url\":\"https:\\\/\\\/vannabed.com\\\/wp-content\\\/uploads\\\/2025\\\/10\\\/materac-ToyotaProAce-Verso.png\",\"contentUrl\":\"https:\\\/\\\/vannabed.com\\\/wp-content\\\/uploads\\\/2025\\\/10\\\/materac-ToyotaProAce-Verso.png\",\"width\":1200,\"height\":1198},{\"@type\":\"BreadcrumbList\",\"@id\":\"https:\\\/\\\/vannabed.com\\\/produkt\\\/materac-do-samochodu-toyota-proace-verso-peugeot-traveller-opel-zafira-citroen-spacetourer\\\/#breadcrumb\",\"itemListElement\":[{\"@type\":\"ListItem\",\"position\":1,\"name\":\"Strona g\u0142\u00f3wna\",\"item\":\"https:\\\/\\\/vannabed.com\\\/\"},{\"@type\":\"ListItem\",\"position\":2,\"name\":\"Produkty\",\"item\":\"https:\\\/\\\/vannabed.com\\\/sklep__trashed\\\/\"},{\"@type\":\"ListItem\",\"position\":3,\"name\":\"Materac do samochodu Toyota Proace Verso\\\/ Peugeot Traveller \\\/Opel Zafira \\\/Citroen Spacetourer\"}]},{\"@type\":\"WebSite\",\"@id\":\"https:\\\/\\\/vannabed.com\\\/#website\",\"url\":\"https:\\\/\\\/vannabed.com\\\/\",\"name\":\"Stela\u017c do spania, \u0142\u00f3\u017cko, baza i system do Aut i Kamper\u00f3w\",\"description\":\"o yeah\",\"publisher\":{\"@id\":\"https:\\\/\\\/vannabed.com\\\/#organization\"},\"alternateName\":\"Stela\u017c do spania, \u0142\u00f3\u017cko, baza i system do Aut i Kamper\u00f3w\",\"potentialAction\":[{\"@type\":\"SearchAction\",\"target\":{\"@type\":\"EntryPoint\",\"urlTemplate\":\"https:\\\/\\\/vannabed.com\\\/?s={search_term_string}\"},\"query-input\":{\"@type\":\"PropertyValueSpecification\",\"valueRequired\":true,\"valueName\":\"search_term_string\"}}],\"inLanguage\":\"cs\"},{\"@type\":\"Organization\",\"@id\":\"https:\\\/\\\/vannabed.com\\\/#organization\",\"name\":\"Stela\u017c do spania, \u0142\u00f3\u017cko, baza i system do Aut i Kamper\u00f3w\",\"url\":\"https:\\\/\\\/vannabed.com\\\/\",\"logo\":{\"@type\":\"ImageObject\",\"inLanguage\":\"cs\",\"@id\":\"https:\\\/\\\/vannabed.com\\\/#\\\/schema\\\/logo\\\/image\\\/\",\"url\":\"\",\"contentUrl\":\"\",\"caption\":\"Stela\u017c do spania, \u0142\u00f3\u017cko, baza i system do Aut i Kamper\u00f3w\"},\"image\":{\"@id\":\"https:\\\/\\\/vannabed.com\\\/#\\\/schema\\\/logo\\\/image\\\/\"}}]}<\/script>\n<!-- \/ Yoast SEO plugin. -->","yoast_head_json":{"title":"Matrace do auta Toyota Proace Verso","description":"Matrace do auta Toyota Proace Verso\/ Peugeot Traveller \/Opel Zafira \/Citroen Spacetourer. postel do auta, kapmper box","robots":{"index":"index","follow":"follow","max-snippet":"max-snippet:-1","max-image-preview":"max-image-preview:large","max-video-preview":"max-video-preview:-1"},"canonical":"https:\/\/vannabed.com\/cs\/produkt\/auto-matrace-toyota-proace-verso-peugeot-traveller-opel-zafira-citroen-spacetourer\/?wmc-currency=EUR","og_locale":"cs_CZ","og_type":"article","og_title":"Materac do samochodu Toyota Proace Verso","og_description":"Materac do samochodu Toyota Proace Verso\/ Peugeot Traveller \/Opel Zafira \/Citroen Spacetourer. \u0142\u00f3\u017cko do auta, kapmper box","og_url":"https:\/\/vannabed.com\/cs\/produkt\/auto-matrace-toyota-proace-verso-peugeot-traveller-opel-zafira-citroen-spacetourer\/?wmc-currency=EUR","og_site_name":"Vannabed","article_modified_time":"2026-04-14T15:17:13+00:00","og_image":[{"width":1200,"height":1198,"url":"https:\/\/vannabed.com\/wp-content\/uploads\/2025\/10\/materac-ToyotaProAce-Verso.png","type":"image\/png"}],"twitter_card":"summary_large_image","twitter_misc":{"Odhadovan\u00e1 doba \u010dten\u00ed":"2 minuty"},"schema":{"@context":"https:\/\/schema.org","@graph":[{"@type":"WebPage","@id":"https:\/\/vannabed.com\/produkt\/materac-do-samochodu-toyota-proace-verso-peugeot-traveller-opel-zafira-citroen-spacetourer\/","url":"https:\/\/vannabed.com\/produkt\/materac-do-samochodu-toyota-proace-verso-peugeot-traveller-opel-zafira-citroen-spacetourer\/","name":"Matrace do auta Toyota Proace Verso","isPartOf":{"@id":"https:\/\/vannabed.com\/#website"},"primaryImageOfPage":{"@id":"https:\/\/vannabed.com\/produkt\/materac-do-samochodu-toyota-proace-verso-peugeot-traveller-opel-zafira-citroen-spacetourer\/#primaryimage"},"image":{"@id":"https:\/\/vannabed.com\/produkt\/materac-do-samochodu-toyota-proace-verso-peugeot-traveller-opel-zafira-citroen-spacetourer\/#primaryimage"},"thumbnailUrl":"https:\/\/vannabed.com\/wp-content\/uploads\/2025\/10\/materac-ToyotaProAce-Verso.png","datePublished":"2025-11-07T21:58:04+00:00","dateModified":"2026-04-14T15:17:13+00:00","description":"Matrace do auta Toyota Proace Verso\/ Peugeot Traveller \/Opel Zafira \/Citroen Spacetourer. postel do auta, kapmper box","breadcrumb":{"@id":"https:\/\/vannabed.com\/produkt\/materac-do-samochodu-toyota-proace-verso-peugeot-traveller-opel-zafira-citroen-spacetourer\/#breadcrumb"},"inLanguage":"cs","potentialAction":[{"@type":"ReadAction","target":["https:\/\/vannabed.com\/produkt\/materac-do-samochodu-toyota-proace-verso-peugeot-traveller-opel-zafira-citroen-spacetourer\/"]}]},{"@type":"ImageObject","inLanguage":"cs","@id":"https:\/\/vannabed.com\/produkt\/materac-do-samochodu-toyota-proace-verso-peugeot-traveller-opel-zafira-citroen-spacetourer\/#primaryimage","url":"https:\/\/vannabed.com\/wp-content\/uploads\/2025\/10\/materac-ToyotaProAce-Verso.png","contentUrl":"https:\/\/vannabed.com\/wp-content\/uploads\/2025\/10\/materac-ToyotaProAce-Verso.png","width":1200,"height":1198},{"@type":"BreadcrumbList","@id":"https:\/\/vannabed.com\/produkt\/materac-do-samochodu-toyota-proace-verso-peugeot-traveller-opel-zafira-citroen-spacetourer\/#breadcrumb","itemListElement":[{"@type":"ListItem","position":1,"name":"Strona g\u0142\u00f3wna","item":"https:\/\/vannabed.com\/"},{"@type":"ListItem","position":2,"name":"Produkty","item":"https:\/\/vannabed.com\/sklep__trashed\/"},{"@type":"ListItem","position":3,"name":"Materac do samochodu Toyota Proace Verso\/ Peugeot Traveller \/Opel Zafira \/Citroen Spacetourer"}]},{"@type":"WebSite","@id":"https:\/\/vannabed.com\/#website","url":"https:\/\/vannabed.com\/","name":"R\u00e1m na span\u00ed, l\u016f\u017eko, podstavec a syst\u00e9m pro automobily a obytn\u00e9 vozy","description":"oh yeah","publisher":{"@id":"https:\/\/vannabed.com\/#organization"},"alternateName":"Stela\u017c do spania, \u0142\u00f3\u017cko, baza i system do Aut i Kamper\u00f3w","potentialAction":[{"@type":"SearchAction","target":{"@type":"EntryPoint","urlTemplate":"https:\/\/vannabed.com\/?s={search_term_string}"},"query-input":{"@type":"PropertyValueSpecification","valueRequired":true,"valueName":"search_term_string"}}],"inLanguage":"cs"},{"@type":"Organization","@id":"https:\/\/vannabed.com\/#organization","name":"R\u00e1m na span\u00ed, l\u016f\u017eko, podstavec a syst\u00e9m pro automobily a obytn\u00e9 vozy","url":"https:\/\/vannabed.com\/","logo":{"@type":"ImageObject","inLanguage":"cs","@id":"https:\/\/vannabed.com\/#\/schema\/logo\/image\/","url":"","contentUrl":"","caption":"Stela\u017c do spania, \u0142\u00f3\u017cko, baza i system do Aut i Kamper\u00f3w"},"image":{"@id":"https:\/\/vannabed.com\/#\/schema\/logo\/image\/"}}]}},"_links":{"self":[{"href":"https:\/\/vannabed.com\/cs\/wp-json\/wp\/v2\/product\/4633","targetHints":{"allow":["GET"]}}],"collection":[{"href":"https:\/\/vannabed.com\/cs\/wp-json\/wp\/v2\/product"}],"about":[{"href":"https:\/\/vannabed.com\/cs\/wp-json\/wp\/v2\/types\/product"}],"replies":[{"embeddable":true,"href":"https:\/\/vannabed.com\/cs\/wp-json\/wp\/v2\/comments?post=4633"}],"version-history":[{"count":3,"href":"https:\/\/vannabed.com\/cs\/wp-json\/wp\/v2\/product\/4633\/revisions"}],"predecessor-version":[{"id":5815,"href":"https:\/\/vannabed.com\/cs\/wp-json\/wp\/v2\/product\/4633\/revisions\/5815"}],"wp:featuredmedia":[{"embeddable":true,"href":"https:\/\/vannabed.com\/cs\/wp-json\/wp\/v2\/media\/2998"}],"wp:attachment":[{"href":"https:\/\/vannabed.com\/cs\/wp-json\/wp\/v2\/media?parent=4633"}],"wp:term":[{"taxonomy":"product_brand","embeddable":true,"href":"https:\/\/vannabed.com\/cs\/wp-json\/wp\/v2\/product_brand?post=4633"},{"taxonomy":"product_cat","embeddable":true,"href":"https:\/\/vannabed.com\/cs\/wp-json\/wp\/v2\/product_cat?post=4633"},{"taxonomy":"product_tag","embeddable":true,"href":"https:\/\/vannabed.com\/cs\/wp-json\/wp\/v2\/product_tag?post=4633"}],"curies":[{"name":"wp","href":"https:\/\/api.w.org\/{rel}","templated":true}]}}